{"id":212,"date":"2020-04-24T10:45:30","date_gmt":"2020-04-24T10:45:30","guid":{"rendered":"https:\/\/gyermekjogiegyezmeny.hu\/?page_id=212"},"modified":"2020-04-29T16:29:07","modified_gmt":"2020-04-29T16:29:07","slug":"kulturalis-jogok","status":"publish","type":"page","link":"https:\/\/gyermekjogiegyezmeny.hu\/?page_id=212","title":{"rendered":"Kultur\u00e1lis jogok"},"content":{"rendered":"\n<p>A Gyerekjogi Egyezm\u00e9ny deklar\u00e1ja a gyermekek jog\u00e1t az <strong>oktat\u00e1s<\/strong>hoz akk\u00e9nt, hogy az mindenkor figyelembe veszi az <strong>es\u00e9lyegyenl\u0151s\u00e9g<\/strong> megval\u00f3sul\u00e1s\u00e1t (23., 28., 29. \u00e9s 32. cikkek). T\u00f6bb cikk is hangs\u00falyozza a gyermekek <strong>megfelel\u0151 t\u00e1j\u00e9koztat\u00e1s<\/strong>hoz val\u00f3 jog\u00e1t (17., 23., 24., 28. cikkek), valamint a <strong>szabadid\u0151h\u00f6z, j\u00e1t\u00e9khoz, kultur\u00e1hoz, m\u0171v\u00e9szet<\/strong>hez val\u00f3 jog\u00e1t (32. cikk).<\/p>\n\n\n\n<div class=\"wp-block-file\"><a href=\"https:\/\/gyermekjogiegyezmeny.hu\/wp-content\/uploads\/2020\/04\/sh-tanari-kezikonyv-online.pdf\">Hogyan \u00e1lljunk ki egy\u00fctt az elfogad\u00f3  iskolai k\u00f6rnyezet\u00e9rt (Soksz\u00edn\u0171s\u00e9g Oktat\u00e1si Munkacsoport)<\/a><a href=\"https:\/\/gyermekjogiegyezmeny.hu\/wp-content\/uploads\/2020\/04\/sh-tanari-kezikonyv-online.pdf\" class=\"wp-block-file__button\" download>Let\u00f6lt\u00e9s<\/a><\/div>\n\n\n\n<div class=\"wp-block-file\"><a href=\"https:\/\/gyermekjogiegyezmeny.hu\/wp-content\/uploads\/2020\/04\/jogi-utmutato.pdf\">\u00datmutat\u00f3 az iskolai \u00fcgyek int\u00e9z\u00e9s\u00e9hez ( Rosa Parks Alap\u00edtv\u00e1ny) <\/a><a href=\"https:\/\/gyermekjogiegyezmeny.hu\/wp-content\/uploads\/2020\/04\/jogi-utmutato.pdf\" class=\"wp-block-file__button\" download>Let\u00f6lt\u00e9s<\/a><\/div>\n\n\n\n<div class=\"wp-block-file\"><a href=\"https:\/\/gyermekjogiegyezmeny.hu\/wp-content\/uploads\/2020\/04\/iskolai-kutatasi-jelentes-online.pdf\">T\u00e1mogat\u00f3 bar\u00e1tok, tehetetlen int\u00e9zm\u00e9nyek ( H\u00e1tt\u00e9rT\u00e1rsas\u00e1g)<\/a><a href=\"https:\/\/gyermekjogiegyezmeny.hu\/wp-content\/uploads\/2020\/04\/iskolai-kutatasi-jelentes-online.pdf\" class=\"wp-block-file__button\" download>Let\u00f6lt\u00e9s<\/a><\/div>\n","protected":false},"excerpt":{"rendered":"<p>A Gyerekjogi Egyezm\u00e9ny deklar\u00e1ja a gyermekek jog\u00e1t az oktat\u00e1shoz akk\u00e9nt, hogy az mindenkor figyelembe veszi az es\u00e9lyegyenl\u0151s\u00e9g megval\u00f3sul\u00e1s\u00e1t (23., 28., 29. \u00e9s 32. cikkek). T\u00f6bb cikk is hangs\u00falyozza a gyermekek megfelel\u0151 t\u00e1j\u00e9koztat\u00e1shoz val\u00f3 jog\u00e1t (17., 23., 24., 28. cikkek), valamint a szabadid\u0151h\u00f6z, j\u00e1t\u00e9khoz, kultur\u00e1hoz, m\u0171v\u00e9szethez val\u00f3 jog\u00e1t (32. cikk).<\/p>\n","protected":false},"author":2,"featured_media":0,"parent":0,"menu_order":0,"comment_status":"closed","ping_status":"closed","template":"","meta":[],"_links":{"self":[{"href":"https:\/\/gyermekjogiegyezmeny.hu\/index.php?rest_route=\/wp\/v2\/pages\/212"}],"collection":[{"href":"https:\/\/gyermekjogiegyezmeny.hu\/index.php?rest_route=\/wp\/v2\/pages"}],"about":[{"href":"https:\/\/gyermekjogiegyezmeny.hu\/index.php?rest_route=\/wp\/v2\/types\/page"}],"author":[{"embeddable":true,"href":"https:\/\/gyermekjogiegyezmeny.hu\/index.php?rest_route=\/wp\/v2\/users\/2"}],"replies":[{"embeddable":true,"href":"https:\/\/gyermekjogiegyezmeny.hu\/index.php?rest_route=%2Fwp%2Fv2%2Fcomments&post=212"}],"version-history":[{"count":2,"href":"https:\/\/gyermekjogiegyezmeny.hu\/index.php?rest_route=\/wp\/v2\/pages\/212\/revisions"}],"predecessor-version":[{"id":339,"href":"https:\/\/gyermekjogiegyezmeny.hu\/index.php?rest_route=\/wp\/v2\/pages\/212\/revisions\/339"}],"wp:attachment":[{"href":"https:\/\/gyermekjogiegyezmeny.hu\/index.php?rest_route=%2Fwp%2Fv2%2Fmedia&parent=212"}],"curies":[{"name":"wp","href":"https:\/\/api.w.org\/{rel}","templated":true}]}}