{"id":419,"date":"2020-05-11T09:30:56","date_gmt":"2020-05-11T09:30:56","guid":{"rendered":"https:\/\/gyermekjogiegyezmeny.hu\/?page_id=419"},"modified":"2020-05-11T14:47:44","modified_gmt":"2020-05-11T14:47:44","slug":"gyermekjogi-konferenciak-anyagai","status":"publish","type":"page","link":"https:\/\/gyermekjogiegyezmeny.hu\/?page_id=419","title":{"rendered":"Gyermekjogi konferenci\u00e1k anyagai"},"content":{"rendered":"\n<p>A Flamand Korm\u00e1ny magyarorsz\u00e1gi k\u00e9pviselete 2015 &nbsp;\u00f3ta szervez gyermekjogi konferenci\u00e1kat \u00e9s el\u0151ad\u00e1sokat, melyek szakmai anyagait el\u00e9rhetik al\u00e1bb:<\/p>\n\n\n\n<div class=\"wp-block-file\"><a href=\"https:\/\/gyermekjogiegyezmeny.hu\/wp-content\/uploads\/2020\/05\/O\u0308sszefoglalo\u0301-a-gyermekek-jogainak-ve\u0301delme-onlineoffline.docx\"><span class=\"has-inline-color has-vivid-cyan-blue-color\">\u00d6sszefoglal\u00f3 a \u201eProtection of children\u2019s rights online &amp; offline \/ a gyermekek jogainak v\u00e9delme online &amp; offline\u201d c\u00edm\u0171 2018. november 15-i konferenci\u00e1r\u00f3l<\/span><\/a><a href=\"https:\/\/gyermekjogiegyezmeny.hu\/wp-content\/uploads\/2020\/05\/O\u0308sszefoglalo\u0301-a-gyermekek-jogainak-ve\u0301delme-onlineoffline.docx\" class=\"wp-block-file__button\" download>Let\u00f6lt\u00e9s<\/a><\/div>\n\n\n\n<div class=\"wp-block-file\"><a href=\"https:\/\/gyermekjogiegyezmeny.hu\/wp-content\/uploads\/2020\/05\/Gyermekjogi.konf-2017-LapossyA.pptx\"><span class=\"has-inline-color has-vivid-cyan-blue-color\">dr. L\u00e1possy Attila: L\u00e1that\u00f3v\u00e1 tenni \u2013A gyermekjogok v\u00e9delm\u00e9nek ombudsmani f\u00f3kuszai 2017-ben el\u0151ad\u00e1s<\/span> <em><br><\/em><\/a><a href=\"https:\/\/gyermekjogiegyezmeny.hu\/wp-content\/uploads\/2020\/05\/Gyermekjogi.konf-2017-LapossyA.pptx\" class=\"wp-block-file__button\" download>Let\u00f6lt\u00e9s<\/a><\/div>\n\n\n\n<div class=\"wp-block-file\"><a href=\"https:\/\/gyermekjogiegyezmeny.hu\/wp-content\/uploads\/2020\/05\/2017-11.16_Children-in-danger-childrens-rights-in-focus.pptx\"><span class=\"has-inline-color has-vivid-cyan-blue-color\">dr. Czeizel Barbara: From early childhood education to interdisciplinary family-focused early childhood intervention in Hungary angol nyelv\u0171 el\u0151ad\u00e1s<\/span><\/a><a href=\"https:\/\/gyermekjogiegyezmeny.hu\/wp-content\/uploads\/2020\/05\/2017-11.16_Children-in-danger-childrens-rights-in-focus.pptx\" class=\"wp-block-file__button\" download>Let\u00f6lt\u00e9s<\/a><\/div>\n\n\n\n<div class=\"wp-block-file\"><a href=\"https:\/\/gyermekjogiegyezmeny.hu\/wp-content\/uploads\/2020\/05\/Child-Focus_Budapest-1.pptx\"><span class=\"has-inline-color has-vivid-cyan-blue-color\">Nel Broothaerts: Children&#8217;s rights at the core of our fight against their disappearance or sexual exploitation angol nyelv\u0171 el\u0151ad\u00e1s<\/span><br><\/a><a href=\"https:\/\/gyermekjogiegyezmeny.hu\/wp-content\/uploads\/2020\/05\/Child-Focus_Budapest-1.pptx\" class=\"wp-block-file__button\" download>Let\u00f6lt\u00e9s<\/a><\/div>\n\n\n\n<p><a href=\"https:\/\/drive.google.com\/open?id=1hMeIYeMu23g4THZw42pq5zKSKBtI8U44\"><span class=\"has-inline-color has-vivid-cyan-blue-color\">Regina Jensdottir video \u00fczenete ( angolul )<\/span><\/a><\/p>\n\n\n\n<p><a rel=\"noreferrer noopener\" href=\"https:\/\/youtu.be\/ZM3mnFOe1LA\" target=\"_blank\"><span class=\"has-inline-color has-vivid-cyan-blue-color\">Gyermekb\u00e1ntalmaz\u00e1s, ahogy a szakemberek l\u00e1tj\u00e1k- konferencia k\u00f6sz\u00f6nt\u0151film Gyermekjogi K\u00f6vetekkel<\/span><\/a><span class=\"has-inline-color has-vivid-cyan-blue-color\"> <\/span><\/p>\n\n\n\n<p><a rel=\"noreferrer noopener\" href=\"http:\/\/www.ajbh.hu\/esemenynaptar?p_p_id=ajbheventlistportlet_WAR_ajbheventlistportlet&amp;p_p_lifecycle=0&amp;p_p_state=normal&amp;p_p_mode=view&amp;p_p_col_id=column-1&amp;p_p_col_count=1&amp;_ajbheventlistportlet_WAR_ajbheventlistportlet_mvcPath=%2Fhtml%2Fhu%2Fwebtown%2Fajbh%2Fportlet%2Feventlist%2Fcalendar_booking_details.jsp&amp;_ajbheventlistportlet_WAR_ajbheventlistportlet_backURL=http%3A%2F%2Fwww.ajbh.hu%2Fesemenynaptar%3Fp_p_id%3Dajbheventlistportlet_WAR_ajbheventlistportlet%26p_p_lifecycle%3D0%26p_p_state%3Dnormal%26p_p_mode%3Dview%26p_p_col_id%3Dcolumn-1%26p_p_col_count%3D1%26_ajbheventlistportlet_WAR_ajbheventlistportlet_cur%3D2%26_ajbheventlistportlet_WAR_ajbheventlistportlet_cur%3D2%26_ajbheventlistportlet_WAR_ajbheventlistportlet_keywords%3D%26_ajbheventlistportlet_WAR_ajbheventlistportlet_keywords%3D%26_ajbheventlistportlet_WAR_ajbheventlistportlet_advancedSearch%3Dfalse%26_ajbheventlistportlet_WAR_ajbheventlistportlet_advancedSearch%3Dfalse%26_ajbheventlistportlet_WAR_ajbheventlistportlet_delta%3D20%26_ajbheventlistportlet_WAR_ajbheventlistportlet_delta%3D20%26_ajbheventlistportlet_WAR_ajbheventlistportlet_resetCur%3Dfalse%26_ajbheventlistportlet_WAR_ajbheventlistportlet_resetCur%3Dfalse%26_ajbheventlistportlet_WAR_ajbheventlistportlet_andOperator%3Dtrue%26_ajbheventlistportlet_WAR_ajbheventlistportlet_andOperator%3Dtrue&amp;_ajbheventlistportlet_WAR_ajbheventlistportlet_calendarBookingId=2773769\" target=\"_blank\"><span class=\"has-inline-color has-vivid-cyan-blue-color\">\u00d6sszefoglal\u00f3 a \u201cGyermekek vesz\u00e9lyben \u2013 gyermekjogok a f\u0151szerepben\u201d c\u00edm\u0171 2017. november 16-i gyermekjogi konferenci\u00e1r\u00f3l<\/span><\/a><\/p>\n\n\n\n<p><a rel=\"noreferrer noopener\" href=\"http:\/\/www.ajbh.hu\/esemenynaptar?p_p_id=ajbheventlistportlet_WAR_ajbheventlistportlet&amp;p_p_lifecycle=0&amp;p_p_state=normal&amp;p_p_mode=view&amp;p_p_col_id=column-1&amp;p_p_col_count=1&amp;_ajbheventlistportlet_WAR_ajbheventlistportlet_mvcPath=%2Fhtml%2Fhu%2Fwebtown%2Fajbh%2Fportlet%2Feventlist%2Fcalendar_booking_details.jsp&amp;_ajbheventlistportlet_WAR_ajbheventlistportlet_backURL=http%3A%2F%2Fwww.ajbh.hu%2Fesemenynaptar%3Fp_p_id%3Dajbheventlistportlet_WAR_ajbheventlistportlet%26p_p_lifecycle%3D0%26p_p_state%3Dnormal%26p_p_mode%3Dview%26p_p_col_id%3Dcolumn-1%26p_p_col_count%3D1%26_ajbheventlistportlet_WAR_ajbheventlistportlet_cur%3D4%26_ajbheventlistportlet_WAR_ajbheventlistportlet_cur%3D4%26_ajbheventlistportlet_WAR_ajbheventlistportlet_keywords%3D%26_ajbheventlistportlet_WAR_ajbheventlistportlet_keywords%3D%26_ajbheventlistportlet_WAR_ajbheventlistportlet_advancedSearch%3Dfalse%26_ajbheventlistportlet_WAR_ajbheventlistportlet_advancedSearch%3Dfalse%26_ajbheventlistportlet_WAR_ajbheventlistportlet_delta%3D20%26_ajbheventlistportlet_WAR_ajbheventlistportlet_delta%3D20%26_ajbheventlistportlet_WAR_ajbheventlistportlet_resetCur%3Dfalse%26_ajbheventlistportlet_WAR_ajbheventlistportlet_resetCur%3Dfalse%26_ajbheventlistportlet_WAR_ajbheventlistportlet_andOperator%3Dtrue%26_ajbheventlistportlet_WAR_ajbheventlistportlet_andOperator%3Dtrue&amp;_ajbheventlistportlet_WAR_ajbheventlistportlet_calendarBookingId=2654516\" target=\"_blank\"><span class=\"has-inline-color has-vivid-cyan-blue-color\">\u00d6sszefoglal\u00f3 a \u201eGyermekjogok k\u00f6zelr\u0151l \u2013 a kiszolg\u00e1ltatotts\u00e1g dimenzi\u00f3i \u00e9s a kivezet\u0151 utak\u201d c\u00edmmel 2016. november 17-\u00e9n megrendezett gyermekjogi konferenci\u00e1r\u00f3l<\/span><\/a><\/p>\n\n\n\n<p><a rel=\"noreferrer noopener\" href=\"http:\/\/www.ajbh.hu\/esemenynaptar?p_p_id=ajbheventlistportlet_WAR_ajbheventlistportlet&amp;p_p_lifecycle=0&amp;p_p_state=normal&amp;p_p_mode=view&amp;p_p_col_id=column-1&amp;p_p_col_count=1&amp;_ajbheventlistportlet_WAR_ajbheventlistportlet_mvcPath=%2Fhtml%2Fhu%2Fwebtown%2Fajbh%2Fportlet%2Feventlist%2Fcalendar_booking_details.jsp&amp;_ajbheventlistportlet_WAR_ajbheventlistportlet_backURL=http%3A%2F%2Fwww.ajbh.hu%2Fesemenynaptar%3Fp_p_id%3Dajbheventlistportlet_WAR_ajbheventlistportlet%26p_p_lifecycle%3D0%26p_p_state%3Dnormal%26p_p_mode%3Dview%26p_p_col_id%3Dcolumn-1%26p_p_col_count%3D1%26_ajbheventlistportlet_WAR_ajbheventlistportlet_cur%3D4%26_ajbheventlistportlet_WAR_ajbheventlistportlet_cur%3D4%26_ajbheventlistportlet_WAR_ajbheventlistportlet_keywords%3D%26_ajbheventlistportlet_WAR_ajbheventlistportlet_keywords%3D%26_ajbheventlistportlet_WAR_ajbheventlistportlet_advancedSearch%3Dfalse%26_ajbheventlistportlet_WAR_ajbheventlistportlet_advancedSearch%3Dfalse%26_ajbheventlistportlet_WAR_ajbheventlistportlet_delta%3D20%26_ajbheventlistportlet_WAR_ajbheventlistportlet_delta%3D20%26_ajbheventlistportlet_WAR_ajbheventlistportlet_resetCur%3Dfalse%26_ajbheventlistportlet_WAR_ajbheventlistportlet_resetCur%3Dfalse%26_ajbheventlistportlet_WAR_ajbheventlistportlet_andOperator%3Dtrue%26_ajbheventlistportlet_WAR_ajbheventlistportlet_andOperator%3Dtrue&amp;_ajbheventlistportlet_WAR_ajbheventlistportlet_calendarBookingId=2648916\" target=\"_blank\"><span class=\"has-inline-color has-vivid-cyan-blue-color\">\u00d6sszefoglal\u00f3 a \u201eBrave School World? \u2013 Gyermekjogok az iskola vil\u00e1g\u00e1ban\u201d c\u00edm\u0171 2015. november 26-i gyermekjogi konferenci\u00e1r\u00f3l<\/span><\/a><\/p>\n","protected":false},"excerpt":{"rendered":"<p>A Flamand Korm\u00e1ny magyarorsz\u00e1gi k\u00e9pviselete 2015 &nbsp;\u00f3ta szervez gyermekjogi konferenci\u00e1kat \u00e9s el\u0151ad\u00e1sokat, melyek szakmai anyagait el\u00e9rhetik al\u00e1bb: Regina Jensdottir video \u00fczenete ( angolul ) Gyermekb\u00e1ntalmaz\u00e1s, ahogy a szakemberek l\u00e1tj\u00e1k- konferencia k\u00f6sz\u00f6nt\u0151film Gyermekjogi K\u00f6vetekkel \u00d6sszefoglal\u00f3 a \u201cGyermekek vesz\u00e9lyben \u2013 gyermekjogok a f\u0151szerepben\u201d c\u00edm\u0171 2017. november 16-i gyermekjogi konferenci\u00e1r\u00f3l \u00d6sszefoglal\u00f3 a \u201eGyermekjogok k\u00f6zelr\u0151l \u2013 a kiszolg\u00e1ltatotts\u00e1g dimenzi\u00f3i \u00e9s a kivezet\u0151 utak\u201d c\u00edmmel 2016. november 17-\u00e9n megrendezett gyermekjogi konferenci\u00e1r\u00f3l \u00d6sszefoglal\u00f3 a \u201eBrave School World? \u2013 Gyermekjogok az iskola vil\u00e1g\u00e1ban\u201d c\u00edm\u0171 2015. november 26-i gyermekjogi konferenci\u00e1r\u00f3l<\/p>\n","protected":false},"author":1,"featured_media":0,"parent":0,"menu_order":0,"comment_status":"closed","ping_status":"closed","template":"","meta":[],"_links":{"self":[{"href":"https:\/\/gyermekjogiegyezmeny.hu\/index.php?rest_route=\/wp\/v2\/pages\/419"}],"collection":[{"href":"https:\/\/gyermekjogiegyezmeny.hu\/index.php?rest_route=\/wp\/v2\/pages"}],"about":[{"href":"https:\/\/gyermekjogiegyezmeny.hu\/index.php?rest_route=\/wp\/v2\/types\/page"}],"author":[{"embeddable":true,"href":"https:\/\/gyermekjogiegyezmeny.hu\/index.php?rest_route=\/wp\/v2\/users\/1"}],"replies":[{"embeddable":true,"href":"https:\/\/gyermekjogiegyezmeny.hu\/index.php?rest_route=%2Fwp%2Fv2%2Fcomments&post=419"}],"version-history":[{"count":13,"href":"https:\/\/gyermekjogiegyezmeny.hu\/index.php?rest_route=\/wp\/v2\/pages\/419\/revisions"}],"predecessor-version":[{"id":442,"href":"https:\/\/gyermekjogiegyezmeny.hu\/index.php?rest_route=\/wp\/v2\/pages\/419\/revisions\/442"}],"wp:attachment":[{"href":"https:\/\/gyermekjogiegyezmeny.hu\/index.php?rest_route=%2Fwp%2Fv2%2Fmedia&parent=419"}],"curies":[{"name":"wp","href":"https:\/\/api.w.org\/{rel}","templated":true}]}}